{"id":168,"date":"2011-02-19T17:12:25","date_gmt":"2011-02-19T16:12:25","guid":{"rendered":"http:\/\/www.kv-duedingen.ch\/web\/?page_id=168"},"modified":"2025-05-15T06:19:04","modified_gmt":"2025-05-15T05:19:04","slug":"downloads","status":"publish","type":"page","link":"https:\/\/www.kv-duedingen.ch\/web\/service\/downloads\/","title":{"rendered":"Formulare KVD (Downloads)"},"content":{"rendered":"\n<h3 class=\"wp-block-heading\"><\/h3>\n\n\n\n<p>\u058d <a rel=\"noreferrer noopener\" href=\"https:\/\/www.kv-duedingen.ch\/web\/wp-content\/uploads\/2024\/09\/Aufnahmegesuch_KVD_ab2024.pdf\" target=\"_blank\">Mitgliederantrag KV D\u00fcdingen<\/a> <br>\u058d <a rel=\"noreferrer noopener\" href=\"https:\/\/www.kv-duedingen.ch\/web\/wp-content\/uploads\/2025\/03\/Anmeldeformular_10erAbo_2025.pdf\" target=\"_blank\">Anmeldeformular 10er Abo<\/a><br>\u058d <a rel=\"noreferrer noopener\" href=\"https:\/\/www.kv-duedingen.ch\/web\/wp-content\/uploads\/2011\/02\/rechtsschutz.pdf\" target=\"_blank\"><mark style=\"background-color:rgba(0, 0, 0, 0)\" class=\"has-inline-color has-blue-color\">Rechtsschutzversicherung<\/mark><\/a><br>\u058d <a rel=\"noreferrer noopener\" href=\"https:\/\/www.kv-duedingen.ch\/web\/wp-content\/uploads\/2018\/11\/statuten18.pdf\" data-type=\"URL\" data-id=\"https:\/\/www.kv-duedingen.ch\/web\/wp-content\/uploads\/2018\/11\/statuten18.pdf\" target=\"_blank\"><mark style=\"background-color:rgba(0, 0, 0, 0)\" class=\"has-inline-color has-blue-color\">Statuten<\/mark><\/a><\/p>\n\n\n\n<h3 class=\"wp-block-heading\">KV D\u00fcdingen Flyer 2025<\/h3>\n\n\n\n<div class=\"wp-block-media-text alignwide is-stacked-on-mobile\"><figure class=\"wp-block-media-text__media\"><img loading=\"lazy\" decoding=\"async\" width=\"402\" height=\"836\" src=\"https:\/\/www.kv-duedingen.ch\/web\/wp-content\/uploads\/2025\/04\/Screenshot-Flyer-2025.png\" alt=\"\" class=\"wp-image-4202 size-full\" srcset=\"https:\/\/www.kv-duedingen.ch\/web\/wp-content\/uploads\/2025\/04\/Screenshot-Flyer-2025.png 402w, https:\/\/www.kv-duedingen.ch\/web\/wp-content\/uploads\/2025\/04\/Screenshot-Flyer-2025-144x300.png 144w, https:\/\/www.kv-duedingen.ch\/web\/wp-content\/uploads\/2025\/04\/Screenshot-Flyer-2025-72x150.png 72w\" sizes=\"auto, (max-width: 402px) 100vw, 402px\" \/><\/figure><div class=\"wp-block-media-text__content\">\n<p> Der Info-Flyer wird j\u00e4hrlich neu aufgelegt und informiert \u00fcber die Angebote und die Koordinaten des KV D\u00fcdingen. <strong><a href=\"https:\/\/www.kv-duedingen.ch\/web\/wp-content\/uploads\/2025\/04\/KVDFlyer2025_20250226.pdf\" data-type=\"link\" data-id=\"https:\/\/www.kv-duedingen.ch\/web\/wp-content\/uploads\/2024\/01\/Faltflyer_KV_Duedingen_2024.pdf\" target=\"_blank\" rel=\"noreferrer noopener\">Mehr Infos<\/a><\/strong><\/p>\n<\/div><\/div>\n\n\n\n<h3 class=\"wp-block-heading has-text-align-left\"><strong><span style=\"color: #993366;\"><span class=\"has-inline-color has-blue-color\">Protokolle der vergangenen GV&#8217;s<\/span><\/span><\/strong><\/h3>\n\n\n\n<div><strong>\u2022 <a href=\"https:\/\/www.kv-duedingen.ch\/web\/wp-content\/uploads\/2025\/05\/Protokoll-der-GV_49_20250307.pdf\" target=\"_blank\" rel=\"noopener noreferrer\">Protokoll von der 49.Generalversammlung 2025<\/strong><\/div>\n\n\n\n<div><strong>\u2022 <a href=\"https:\/\/www.kv-duedingen.ch\/web\/wp-content\/uploads\/2025\/02\/Protokoll-der-48.-GV-vom-2024.03.01.pdf\" target=\"_blank\" rel=\"noopener noreferrer\">Protokoll von der 48.Generalversammlung 2024<\/strong><\/div>\n\n\n\n<div><strong>\u2022 <a href=\"https:\/\/www.kv-duedingen.ch\/web\/wp-content\/uploads\/2023\/11\/KVD_GVProtokoll2023.pdf\" target=\"_blank\" rel=\"noopener noreferrer\">Protokoll von der 47.Generalversammlung 2023<\/strong><\/div>\n\n\n\n<div><strong>\u2022 <a href=\"https:\/\/www.kv-duedingen.ch\/web\/wp-content\/uploads\/2022\/12\/KVD_GVProtokoll2022.pdf\" target=\"_blank\" rel=\"noopener noreferrer\">Protokoll von der 46.Generalversammlung 2022<\/strong><\/div>\n\n\n\n<div><strong>\u2022 <a href=\"https:\/\/www.kv-duedingen.ch\/web\/wp-content\/uploads\/2021\/07\/GV45_2021Protokoll.pdf\" target=\"_blank\" rel=\"noopener noreferrer\">Protokoll von der 45.Generalversammlung 2021<\/strong><\/div>\n\n\n\n<div><strong>\u2022 <a href=\"https:\/\/www.kv-duedingen.ch\/web\/wp-content\/uploads\/2021\/05\/ProtokollGV2020.pdf\" target=\"_blank\" rel=\"noopener noreferrer\">Protokoll von der 44.Generalversammlung 2020<\/strong><\/div>\n\n\n\n<div><strong>\u2022 <a href=\"https:\/\/www.kv-duedingen.ch\/web\/wp-content\/uploads\/2019\/12\/protokoll_gv43.pdf\" target=\"_blank\" rel=\"noopener noreferrer\">Protokoll von der 43.Generalversammlung 2019<\/strong><\/div>\n\n\n\n<div><strong>\u2022 <a href=\"https:\/\/www.kv-duedingen.ch\/web\/wp-content\/uploads\/2019\/02\/protokoll_gv42.pdf\" target=\"_blank\" rel=\"noopener noreferrer\">Protokoll von der 42.Generalversammlung 2018<\/strong><\/div>\n\n\n\n<div><strong>\u2022 <a href=\"https:\/\/www.kv-duedingen.ch\/web\/wp-content\/uploads\/2011\/02\/protokoll_gv41.pdf\" target=\"_blank\" rel=\"noopener noreferrer\">Protokoll von der 41.Generalversammlung 2017<\/strong><\/div>\n\n\n\n<div><strong>\u2022 <a href=\"https:\/\/www.kv-duedingen.ch\/web\/wp-content\/uploads\/2011\/02\/protokoll_gv40.pdf\">Protokoll von der 40.Generalversammlung 2016<\/strong><\/div>\n\n\n\n<div><strong>\u2022 <a href=\"https:\/\/www.kv-duedingen.ch\/web\/wp-content\/uploads\/2011\/02\/protokoll_gv39.pdf\" target=\"_blank\" rel=\"noopener noreferrer\">Protokoll von der 39.Generalversammlung 2015<\/strong><\/div>\n\n\n\n<div><strong>\u2022&nbsp;<a href=\"https:\/\/www.kv-duedingen.ch\/web\/wp-content\/uploads\/2011\/02\/protokoll_gv38.pdf\" target=\"_blank\" rel=\"noopener noreferrer\">Protokoll von der 38.Generalversammlung 2014<\/strong><strong><br><strong>\u2022<\/strong>&nbsp;<a href=\"https:\/\/www.kv-duedingen.ch\/web\/wp-content\/uploads\/2011\/02\/protokoll_gv37.pdf\" target=\"_blank\" rel=\"noopener noreferrer\">Protokoll von der 37.Generalversammlung 2013<\/strong><\/div>\n\n\n\n<div><strong><strong><strong> <strong>\u2022<\/strong>&nbsp;<a href=\"https:\/\/www.kv-duedingen.ch\/web\/wp-content\/uploads\/2011\/02\/protokoll_gv36.pdf\" target=\"_blank\" rel=\"noopener noreferrer\"><strong>Protokoll von der 36.Generalversammlung 2012<br><\/strong><\/strong><\/strong><\/strong><strong><strong><strong>\u2022&nbsp;<a href=\"https:\/\/www.kv-duedingen.ch\/web\/wp-content\/uploads\/2011\/02\/protokoll_gv35.pdf\" target=\"_blank\" rel=\"noopener noreferrer\"><strong>Protokoll von der 35.Generalversammlung 2011<br><\/strong><\/strong><\/strong><\/strong><strong><strong>\u2022 <\/strong><a href=\"https:\/\/www.kv-duedingen.ch\/web\/wp-content\/uploads\/2011\/02\/protokoll_gv34.pdf\" target=\"_blank\" rel=\"noopener noreferrer\"><strong>Protokoll von der 34.Generalversammlung 2010<br><\/strong><\/strong><strong><strong>\u2022 <\/strong><a href=\"https:\/\/www.kv-duedingen.ch\/web\/wp-content\/uploads\/2011\/02\/protokoll_gv33.pdf\" target=\"_blank\" rel=\"noopener noreferrer\"><strong>Protokoll von der 33.Generalversammlung 2009<br><\/strong><\/strong><strong><strong>\u2022 <\/strong><a href=\"https:\/\/www.kv-duedingen.ch\/web\/wp-content\/uploads\/2011\/02\/protokoll_gv32.pdf\" target=\"_blank\" rel=\"noopener noreferrer\"><strong>Protokoll von der 32.Generalversammlung 2008<br><\/strong><\/strong><strong><strong>\u2022 <\/strong><a href=\"https:\/\/www.kv-duedingen.ch\/web\/wp-content\/uploads\/2011\/02\/protokoll_gv31.pdf\" target=\"_blank\" rel=\"noopener noreferrer\"><strong>Protokoll von der 31.Generalversammlung 2007<br><\/strong><\/strong><strong><strong>\u2022 <\/strong><a href=\"https:\/\/www.kv-duedingen.ch\/web\/wp-content\/uploads\/2011\/02\/protokoll_gv30.pdf\" target=\"_blank\" rel=\"noopener noreferrer\"><strong>Protokoll von der 30.Generalversammlung 2006<\/strong><\/strong><\/div>\n\n\n\n<div>&nbsp;<\/div>\n\n\n\n<h3 class=\"wp-block-heading\"><span style=\"color: #0000ff;\"><span class=\"has-inline-color has-blue-color\"> Infobl\u00e4tter f\u00fcr unsere \u00dcbungsleitenden<\/span><\/span><\/h3>\n\n\n\n<p>\u058d <span class=\"has-inline-color has-blue-color\"><a href=\"https:\/\/www.kv-duedingen.ch\/web\/wp-content\/uploads\/2019\/10\/tl_pflichten.pdf\" data-type=\"URL\" data-id=\"https:\/\/www.kv-duedingen.ch\/web\/wp-content\/uploads\/2019\/10\/tl_pflichten.pdf\" target=\"_blank\" rel=\"noreferrer noopener\">Aufgabenbeschrieb Techn. Leitung<\/a><\/span><br>\u058d <span class=\"has-inline-color has-blue-color\"><a rel=\"noreferrer noopener\" href=\"https:\/\/www.kv-duedingen.ch\/web\/wp-content\/uploads\/2019\/10\/ausbildungsreglement.pdf\" target=\"_blank\">Regel Aus- und Weiterbildungen \u00dcbungsleitende<\/a><\/span><br><\/p>\n\n\n<p><!--StartFragment--><\/p>\n<p><!--EndFragment--><\/p>","protected":false},"excerpt":{"rendered":"<p>\u058d Mitgliederantrag KV D\u00fcdingen \u058d Anmeldeformular 10er Abo\u058d Rechtsschutzversicherung\u058d Statuten KV D\u00fcdingen Flyer 2025 Der Info-Flyer wird j\u00e4hrlich neu aufgelegt und informiert \u00fcber die Angebote und die Koordinaten des KV D\u00fcdingen. Mehr Infos Protokolle der vergangenen GV&#8217;s \u2022 Protokoll von &hellip; <a href=\"https:\/\/www.kv-duedingen.ch\/web\/service\/downloads\/\">Weiterlesen <span class=\"meta-nav\">&rarr;<\/span><\/a><\/p>\n","protected":false},"author":237,"featured_media":0,"parent":21,"menu_order":4,"comment_status":"closed","ping_status":"closed","template":"","meta":{"footnotes":""},"class_list":["post-168","page","type-page","status-publish","hentry"],"_links":{"self":[{"href":"https:\/\/www.kv-duedingen.ch\/web\/wp-json\/wp\/v2\/pages\/168","targetHints":{"allow":["GET"]}}],"collection":[{"href":"https:\/\/www.kv-duedingen.ch\/web\/wp-json\/wp\/v2\/pages"}],"about":[{"href":"https:\/\/www.kv-duedingen.ch\/web\/wp-json\/wp\/v2\/types\/page"}],"author":[{"embeddable":true,"href":"https:\/\/www.kv-duedingen.ch\/web\/wp-json\/wp\/v2\/users\/237"}],"replies":[{"embeddable":true,"href":"https:\/\/www.kv-duedingen.ch\/web\/wp-json\/wp\/v2\/comments?post=168"}],"version-history":[{"count":104,"href":"https:\/\/www.kv-duedingen.ch\/web\/wp-json\/wp\/v2\/pages\/168\/revisions"}],"predecessor-version":[{"id":4224,"href":"https:\/\/www.kv-duedingen.ch\/web\/wp-json\/wp\/v2\/pages\/168\/revisions\/4224"}],"up":[{"embeddable":true,"href":"https:\/\/www.kv-duedingen.ch\/web\/wp-json\/wp\/v2\/pages\/21"}],"wp:attachment":[{"href":"https:\/\/www.kv-duedingen.ch\/web\/wp-json\/wp\/v2\/media?parent=168"}],"curies":[{"name":"wp","href":"https:\/\/api.w.org\/{rel}","templated":true}]}}